{"id":52765,"date":"2023-03-06T13:44:25","date_gmt":"2023-03-06T12:44:25","guid":{"rendered":"https:\/\/xn--bckerkleidung-bfb.de\/?page_id=52765"},"modified":"2023-03-09T09:53:05","modified_gmt":"2023-03-09T08:53:05","slug":"klimaneutraler-versand","status":"publish","type":"page","link":"https:\/\/xn--bckerkleidung-bfb.de\/index.php\/klimaneutraler-versand\/","title":{"rendered":"Klimaneutraler Versand"},"content":{"rendered":"<p>[et_pb_section fb_built=&#8220;1&#8243; _builder_version=&#8220;4.19.5&#8243; background_color=&#8220;#c5bbb6&#8243; use_background_color_gradient=&#8220;on&#8220; background_color_gradient_direction=&#8220;213deg&#8220; background_color_gradient_stops=&#8220;#4c443f 0%|#c5bbb6 98%&#8220; background_color_gradient_start=&#8220;#232ea8&#8243; background_color_gradient_end=&#8220;#32baff&#8220; custom_padding=&#8220;40px||40px||true|false&#8220; global_colors_info=&#8220;{}&#8220;][et_pb_row use_custom_gutter=&#8220;on&#8220; gutter_width=&#8220;2&#8243; make_equal=&#8220;on&#8220; _builder_version=&#8220;4.16&#8243; width=&#8220;90%&#8220; max_width=&#8220;1170px&#8220; max_width_tablet=&#8220;90%&#8220; max_width_phone=&#8220;90%&#8220; max_width_last_edited=&#8220;on|desktop&#8220; custom_padding=&#8220;0px||0px||true|false&#8220; global_colors_info=&#8220;{}&#8220;][et_pb_column type=&#8220;4_4&#8243; _builder_version=&#8220;4.16&#8243; global_colors_info=&#8220;{}&#8220;][et_pb_blurb title=&#8220;KLIMANEUTRALER VERSAND&#8220; icon_placement=&#8220;left&#8220; image_icon_width=&#8220;70px&#8220; content_max_width=&#8220;100%&#8220; image_icon_width_tablet=&#8220;&#8220; image_icon_width_phone=&#8220;55px&#8220; image_icon_width_last_edited=&#8220;on|phone&#8220; _builder_version=&#8220;4.16&#8243; header_font=&#8220;Poppins|900|||||||&#8220; header_text_align=&#8220;center&#8220; header_text_color=&#8220;rgba(255,255,255,0.51)&#8220; header_font_size=&#8220;50px&#8220; header_line_height=&#8220;1.4em&#8220; text_orientation=&#8220;center&#8220; custom_margin=&#8220;14px|||0px|false|false&#8220; animation=&#8220;off&#8220; header_font_size_tablet=&#8220;20px&#8220; header_font_size_phone=&#8220;20px&#8220; header_font_size_last_edited=&#8220;on|phone&#8220; header_line_height_tablet=&#8220;3.3em&#8220; header_line_height_phone=&#8220;1.4em&#8220; header_line_height_last_edited=&#8220;on|phone&#8220; image_max_width=&#8220;70px&#8220; image_max_width_tablet=&#8220;&#8220; image_max_width_phone=&#8220;55px&#8220; image_max_width_last_edited=&#8220;on|phone&#8220; global_colors_info=&#8220;{}&#8220;][\/et_pb_blurb][\/et_pb_column][\/et_pb_row][\/et_pb_section][et_pb_section fb_built=&#8220;1&#8243; fullwidth=&#8220;on&#8220; _builder_version=&#8220;4.16&#8243; _module_preset=&#8220;default&#8220; global_colors_info=&#8220;{}&#8220;][et_pb_fullwidth_image src=&#8220;https:\/\/xn--bckerkleidung-bfb.de\/wp-content\/uploads\/2023\/02\/GLS_KlimaProtect_Banner_728x90_1.jpg&#8220; title_text=&#8220;GLS_KlimaProtect_Banner_728x90_1&#8243; _builder_version=&#8220;4.16&#8243; _module_preset=&#8220;default&#8220; global_colors_info=&#8220;{}&#8220;][\/et_pb_fullwidth_image][\/et_pb_section][et_pb_section fb_built=&#8220;1&#8243; _builder_version=&#8220;4.16&#8243; custom_padding=&#8220;40px|0px|0px|0px|false|false&#8220; global_colors_info=&#8220;{}&#8220;][et_pb_row _builder_version=&#8220;4.16&#8243; custom_padding=&#8220;||0px|||&#8220; global_colors_info=&#8220;{}&#8220;][et_pb_column type=&#8220;4_4&#8243; _builder_version=&#8220;4.16&#8243; custom_padding=&#8220;|||&#8220; global_colors_info=&#8220;{}&#8220; custom_padding__hover=&#8220;|||&#8220;][et_pb_text _builder_version=&#8220;4.20.2&#8243; text_font=&#8220;Nunito Sans||||||||&#8220; text_text_color=&#8220;#5499D4&#8243; text_font_size=&#8220;16px&#8220; header_font=&#8220;Nunito Sans|800||on|||||&#8220; header_text_align=&#8220;center&#8220; header_text_color=&#8220;#4C443F&#8220; header_line_height=&#8220;1.3em&#8220; max_width_phone=&#8220;98%&#8220; max_width_last_edited=&#8220;off|desktop&#8220; module_alignment=&#8220;center&#8220; custom_margin=&#8220;||-2px|||&#8220; global_colors_info=&#8220;{}&#8220;]<\/p>\n<h1>Die Umwelt ist uns nicht egal.<\/h1>\n<p>[\/et_pb_text][\/et_pb_column][\/et_pb_row][et_pb_row _builder_version=&#8220;4.16&#8243; custom_padding=&#8220;10px||40px|||&#8220; global_colors_info=&#8220;{}&#8220;][et_pb_column type=&#8220;4_4&#8243; _builder_version=&#8220;4.16&#8243; custom_padding=&#8220;|||&#8220; global_colors_info=&#8220;{}&#8220; custom_padding__hover=&#8220;|||&#8220;][et_pb_text _builder_version=&#8220;4.16&#8243; text_font=&#8220;Roboto|300|||||||&#8220; text_text_color=&#8220;#000000&#8243; text_font_size=&#8220;23px&#8220; text_line_height=&#8220;1.8em&#8220; header_font=&#8220;Nunito Sans|700|||||||&#8220; header_text_color=&#8220;#297FCA&#8220; header_line_height=&#8220;1.3em&#8220; global_colors_info=&#8220;{}&#8220;]<\/p>\n<p style=\"text-align: center;\"><strong>Alle Pakete, die wir von unserem Zentrallager in Verden versenden, <br \/>werden daher 100% klimaneutal per GLS verschickt.<\/strong><\/p>\n<p>[\/et_pb_text][\/et_pb_column][\/et_pb_row][\/et_pb_section][et_pb_section fb_built=&#8220;1&#8243; _builder_version=&#8220;4.20.2&#8243; background_color=&#8220;rgba(196,184,176,0.47)&#8220; custom_padding=&#8220;33px|0px|28px|0px|false|false&#8220; global_colors_info=&#8220;{}&#8220;][et_pb_row _builder_version=&#8220;4.16&#8243; custom_padding=&#8220;|0px|0px|0px|false|false&#8220; global_colors_info=&#8220;{}&#8220;][et_pb_column type=&#8220;4_4&#8243; _builder_version=&#8220;4.16&#8243; custom_padding=&#8220;|||&#8220; global_colors_info=&#8220;{}&#8220; custom_padding__hover=&#8220;|||&#8220;][et_pb_text _builder_version=&#8220;4.20.2&#8243; text_font=&#8220;Nunito Sans||||||||&#8220; text_text_color=&#8220;#5499D4&#8243; text_font_size=&#8220;16px&#8220; header_font=&#8220;Nunito Sans|800||on|||||&#8220; header_text_align=&#8220;center&#8220; header_text_color=&#8220;#4C443F&#8220; header_line_height=&#8220;1.3em&#8220; max_width_phone=&#8220;98%&#8220; max_width_last_edited=&#8220;off|desktop&#8220; module_alignment=&#8220;center&#8220; custom_margin=&#8220;||6px||false|false&#8220; global_colors_info=&#8220;{}&#8220;]<\/p>\n<h1>100 Prozent klimaneutraler Versand mit GLS KlimaProtect<\/h1>\n<p>[\/et_pb_text][\/et_pb_column][\/et_pb_row][et_pb_row column_structure=&#8220;1_2,1_2&#8243; _builder_version=&#8220;4.16&#8243; custom_padding=&#8220;10px|||||&#8220; global_colors_info=&#8220;{}&#8220;][et_pb_column type=&#8220;1_2&#8243; _builder_version=&#8220;4.16&#8243; custom_padding=&#8220;|||&#8220; global_colors_info=&#8220;{}&#8220; custom_padding__hover=&#8220;|||&#8220;][et_pb_text _builder_version=&#8220;4.16&#8243; text_font=&#8220;Roboto|300|||||||&#8220; text_text_color=&#8220;#000000&#8243; text_font_size=&#8220;15px&#8220; text_line_height=&#8220;1.8em&#8220; header_font=&#8220;Nunito Sans|700|||||||&#8220; header_text_color=&#8220;#297FCA&#8220; header_line_height=&#8220;1.3em&#8220; global_colors_info=&#8220;{}&#8220;]<\/p>\n<p class=\"text-center\">Seit dem 1. Oktober 2019 stellt GLS Germany alle Pakete zu 100 Prozent klimaneutral zu. Dies gilt sowohl f\u00fcr Pakete, die in Deutschland zugestellt werden als auch f\u00fcr Pakete, die ins Ausland verschickt werden. Die durch den Pakettransport und die Gesch\u00e4ftst\u00e4tigkeit von GLS Germany verursachten CO2-Emissionen werden j\u00e4hrlich \u00fcber ein zertifiziertes Projekt kompensiert. Zudem investiert GLS in weitere Ma\u00dfnahmen.<\/p>\n<p>[\/et_pb_text][\/et_pb_column][et_pb_column type=&#8220;1_2&#8243; _builder_version=&#8220;4.16&#8243; _module_preset=&#8220;default&#8220; global_colors_info=&#8220;{}&#8220;][et_pb_text _builder_version=&#8220;4.16&#8243; text_font=&#8220;Roboto|300|||||||&#8220; text_text_color=&#8220;#000000&#8243; text_font_size=&#8220;15px&#8220; text_line_height=&#8220;1.8em&#8220; header_font=&#8220;Nunito Sans|700|||||||&#8220; header_text_color=&#8220;#297FCA&#8220; header_line_height=&#8220;1.3em&#8220; global_colors_info=&#8220;{}&#8220;]<\/p>\n<p>F\u00fcr GLS geh\u00f6rt eine nachhaltige Paketlogistik zum t\u00e4glichen Gesch\u00e4ft \u2013 zukunftsorientiert begleitet von diversen Ma\u00dfnahmen f\u00fcr den Umweltschutz. Die Verantwortung f\u00fcr den Klimaschutz wird immer wichtiger. Mit GLS KlimaProtect wird ein weiteres Zeichen gesetzt.<\/p>\n<p>[\/et_pb_text][\/et_pb_column][\/et_pb_row][\/et_pb_section][et_pb_section fb_built=&#8220;1&#8243; _builder_version=&#8220;4.20.2&#8243; background_color=&#8220;#C5BBB6&#8243; custom_padding=&#8220;33px|0px|44px|0px|false|false&#8220; hover_enabled=&#8220;0&#8243; global_colors_info=&#8220;{}&#8220; sticky_enabled=&#8220;0&#8243;][et_pb_row _builder_version=&#8220;4.16&#8243; custom_padding=&#8220;|0px|0px|0px|false|false&#8220; global_colors_info=&#8220;{}&#8220;][et_pb_column type=&#8220;4_4&#8243; _builder_version=&#8220;4.16&#8243; custom_padding=&#8220;|||&#8220; global_colors_info=&#8220;{}&#8220; custom_padding__hover=&#8220;|||&#8220;][et_pb_text _builder_version=&#8220;4.20.2&#8243; text_font=&#8220;Nunito Sans||||||||&#8220; text_text_color=&#8220;#5499D4&#8243; text_font_size=&#8220;16px&#8220; header_font=&#8220;Nunito Sans|800||on|||||&#8220; header_text_align=&#8220;center&#8220; header_text_color=&#8220;#4C443F&#8220; header_font_size=&#8220;22px&#8220; header_line_height=&#8220;1.3em&#8220; max_width_phone=&#8220;98%&#8220; max_width_last_edited=&#8220;off|desktop&#8220; module_alignment=&#8220;center&#8220; custom_margin=&#8220;||6px||false|false&#8220; global_colors_info=&#8220;{}&#8220;]<\/p>\n<h1><span>Emissionen reduzieren, vermeiden und kompensieren<\/span><\/h1>\n<p>[\/et_pb_text][\/et_pb_column][\/et_pb_row][et_pb_row _builder_version=&#8220;4.20.2&#8243; custom_margin=&#8220;12px||||false|false&#8220; custom_padding=&#8220;42px||||false|false&#8220; border_width_top=&#8220;1px&#8220; border_color_top=&#8220;#4C443F&#8220; border_style_top=&#8220;dotted&#8220; border_color_bottom=&#8220;#0c71c3&#8243; border_style_bottom=&#8220;dotted&#8220; global_colors_info=&#8220;{}&#8220;][et_pb_column type=&#8220;4_4&#8243; _builder_version=&#8220;4.16&#8243; custom_padding=&#8220;|||&#8220; global_colors_info=&#8220;{}&#8220; custom_padding__hover=&#8220;|||&#8220;][et_pb_text ul_item_indent=&#8220;40px&#8220; _builder_version=&#8220;4.16&#8243; text_font=&#8220;Roboto|300|||||||&#8220; text_text_color=&#8220;#000000&#8243; text_font_size=&#8220;15px&#8220; text_line_height=&#8220;1.8em&#8220; ul_font=&#8220;|700|||||||&#8220; header_font=&#8220;Nunito Sans|700|||||||&#8220; header_text_color=&#8220;#297FCA&#8220; header_line_height=&#8220;1.3em&#8220; global_colors_info=&#8220;{}&#8220;]<\/p>\n<p>GLS KlimaProtect basiert auf zwei S\u00e4ulen \u2013 einerseits Reduktion und Vermeidung, andererseits Kompensation der nicht zu vermeidenden Emissionen zur Erlangung der Klimaneutralit\u00e4t. Dazu investiert GLS in ein ganzes B\u00fcndel von Ma\u00dfnahmen:<\/p>\n<p>[\/et_pb_text][\/et_pb_column][\/et_pb_row][et_pb_row column_structure=&#8220;1_2,1_2&#8243; use_custom_gutter=&#8220;on&#8220; make_equal=&#8220;on&#8220; _builder_version=&#8220;4.16&#8243; width_tablet=&#8220;90%&#8220; width_phone=&#8220;90%&#8220; width_last_edited=&#8220;off|tablet&#8220; max_width_tablet=&#8220;90%&#8220; max_width_phone=&#8220;90%&#8220; max_width_last_edited=&#8220;off|phone&#8220; custom_padding=&#8220;||20px||false|false&#8220; animation_direction=&#8220;bottom&#8220; global_colors_info=&#8220;{}&#8220;][et_pb_column type=&#8220;1_2&#8243; _builder_version=&#8220;4.16&#8243; custom_padding=&#8220;|||&#8220; global_colors_info=&#8220;{}&#8220; custom_padding__hover=&#8220;|||&#8220;][et_pb_text _builder_version=&#8220;4.16&#8243; text_font=&#8220;Roboto|300|||||||&#8220; text_text_color=&#8220;#000000&#8243; text_font_size=&#8220;15px&#8220; text_line_height=&#8220;1.6em&#8220; header_5_font=&#8220;Poppins|600|||||||&#8220; header_5_text_color=&#8220;#000000&#8243; header_5_line_height=&#8220;1.2em&#8220; text_orientation=&#8220;right&#8220; custom_margin=&#8220;||0px||false|false&#8220; custom_padding=&#8220;||0px||false|false&#8220; global_colors_info=&#8220;{}&#8220;]<\/p>\n<h5>Nutzung von 100% nachhaltigem Strom<br \/> an allen deutschen Standorten<\/h5>\n<p>[\/et_pb_text][et_pb_divider color=&#8220;#636363&#8243; divider_style=&#8220;dotted&#8220; _builder_version=&#8220;4.16&#8243; custom_margin=&#8220;||11px&#8220; custom_margin_tablet=&#8220;&#8220; custom_margin_phone=&#8220;-12px||&#8220; custom_margin_last_edited=&#8220;on|desktop&#8220; custom_padding=&#8220;17px||&#8220; custom_padding_tablet=&#8220;&#8220; custom_padding_phone=&#8220;0px||&#8220; custom_padding_last_edited=&#8220;on|desktop&#8220; global_colors_info=&#8220;{}&#8220;][\/et_pb_divider][et_pb_text _builder_version=&#8220;4.16&#8243; text_font=&#8220;Roboto|300|||||||&#8220; text_text_color=&#8220;#000000&#8243; text_font_size=&#8220;15px&#8220; text_line_height=&#8220;1.6em&#8220; header_5_font=&#8220;Poppins|600|||||||&#8220; header_5_text_color=&#8220;#000000&#8243; header_5_line_height=&#8220;1.2em&#8220; text_orientation=&#8220;right&#8220; custom_margin=&#8220;||0px||false|false&#8220; custom_padding=&#8220;||0px||false|false&#8220; global_colors_info=&#8220;{}&#8220;]<\/p>\n<h5>Ausbau der Ladeinfrastrukturen f\u00fcr eFahrzeuge<\/h5>\n<p>[\/et_pb_text][et_pb_divider color=&#8220;#636363&#8243; divider_style=&#8220;dotted&#8220; _builder_version=&#8220;4.16&#8243; custom_margin=&#8220;||11px&#8220; custom_margin_tablet=&#8220;&#8220; custom_margin_phone=&#8220;-12px||&#8220; custom_margin_last_edited=&#8220;on|desktop&#8220; custom_padding=&#8220;17px||&#8220; custom_padding_tablet=&#8220;&#8220; custom_padding_phone=&#8220;0px||&#8220; custom_padding_last_edited=&#8220;on|desktop&#8220; global_colors_info=&#8220;{}&#8220;][\/et_pb_divider][et_pb_text _builder_version=&#8220;4.16&#8243; text_font=&#8220;Roboto|300|||||||&#8220; text_text_color=&#8220;#000000&#8243; text_font_size=&#8220;15px&#8220; text_line_height=&#8220;1.6em&#8220; header_5_font=&#8220;Poppins|600|||||||&#8220; header_5_text_color=&#8220;#000000&#8243; header_5_line_height=&#8220;1.2em&#8220; text_orientation=&#8220;right&#8220; custom_margin=&#8220;||0px||false|false&#8220; custom_padding=&#8220;||0px||false|false&#8220; global_colors_info=&#8220;{}&#8220;]<\/p>\n<h5>Einrichtung stadtnaher Mikrodepots<\/h5>\n<p>[\/et_pb_text][\/et_pb_column][et_pb_column type=&#8220;1_2&#8243; _builder_version=&#8220;4.16&#8243; custom_padding=&#8220;|||&#8220; global_colors_info=&#8220;{}&#8220; custom_padding__hover=&#8220;|||&#8220;][et_pb_text _builder_version=&#8220;4.16&#8243; text_font=&#8220;Roboto|300|||||||&#8220; text_text_color=&#8220;#000000&#8243; text_font_size=&#8220;15px&#8220; text_line_height=&#8220;1.6em&#8220; header_text_align=&#8220;left&#8220; header_5_font=&#8220;Poppins|600|||||||&#8220; header_5_text_color=&#8220;#000000&#8243; header_5_line_height=&#8220;1.2em&#8220; text_orientation=&#8220;right&#8220; custom_margin=&#8220;||0px||false|false&#8220; custom_padding=&#8220;||0px||false|false&#8220; global_colors_info=&#8220;{}&#8220;]<\/p>\n<h5 style=\"text-align: left;\">Verst\u00e4rkter Einsatz von eFahrzeugen<\/h5>\n<p>[\/et_pb_text][et_pb_divider color=&#8220;#636363&#8243; divider_style=&#8220;dotted&#8220; _builder_version=&#8220;4.16&#8243; custom_margin=&#8220;||11px&#8220; custom_margin_tablet=&#8220;&#8220; custom_margin_phone=&#8220;-12px||&#8220; custom_margin_last_edited=&#8220;on|desktop&#8220; custom_padding=&#8220;17px||&#8220; custom_padding_tablet=&#8220;&#8220; custom_padding_phone=&#8220;0px||&#8220; custom_padding_last_edited=&#8220;on|desktop&#8220; global_colors_info=&#8220;{}&#8220;][\/et_pb_divider][et_pb_text _builder_version=&#8220;4.16&#8243; text_font=&#8220;Roboto|300|||||||&#8220; text_text_color=&#8220;#000000&#8243; text_font_size=&#8220;15px&#8220; text_line_height=&#8220;1.6em&#8220; header_text_align=&#8220;left&#8220; header_5_font=&#8220;Poppins|600|||||||&#8220; header_5_text_color=&#8220;#000000&#8243; header_5_line_height=&#8220;1.2em&#8220; text_orientation=&#8220;right&#8220; custom_margin=&#8220;||0px||false|false&#8220; custom_padding=&#8220;||0px||false|false&#8220; global_colors_info=&#8220;{}&#8220;]<\/p>\n<h5 style=\"text-align: left;\">Vorantreiben von emissionsfreier Zustellung in Innenst\u00e4dten<\/h5>\n<p>[\/et_pb_text][et_pb_divider color=&#8220;#636363&#8243; divider_style=&#8220;dotted&#8220; _builder_version=&#8220;4.16&#8243; custom_margin=&#8220;||11px&#8220; custom_margin_tablet=&#8220;&#8220; custom_margin_phone=&#8220;-12px||&#8220; custom_margin_last_edited=&#8220;on|desktop&#8220; custom_padding=&#8220;17px||&#8220; custom_padding_tablet=&#8220;&#8220; custom_padding_phone=&#8220;0px||&#8220; custom_padding_last_edited=&#8220;on|desktop&#8220; global_colors_info=&#8220;{}&#8220;][\/et_pb_divider][et_pb_text _builder_version=&#8220;4.16&#8243; text_font=&#8220;Roboto|300|||||||&#8220; text_text_color=&#8220;#000000&#8243; text_font_size=&#8220;15px&#8220; text_line_height=&#8220;1.6em&#8220; header_text_align=&#8220;left&#8220; header_5_font=&#8220;Poppins|600|||||||&#8220; header_5_text_color=&#8220;#000000&#8243; header_5_line_height=&#8220;1.2em&#8220; text_orientation=&#8220;right&#8220; custom_margin=&#8220;||0px||false|false&#8220; custom_padding=&#8220;||0px||false|false&#8220; global_colors_info=&#8220;{}&#8220;]<\/p>\n<h5 style=\"text-align: left;\">Ausbau von Photovoltaik-Anlagen<\/h5>\n<p>[\/et_pb_text][\/et_pb_column][\/et_pb_row][\/et_pb_section][et_pb_section fb_built=&#8220;1&#8243; _builder_version=&#8220;4.16&#8243; custom_padding=&#8220;51px|0px|51px|0px|true|false&#8220; global_colors_info=&#8220;{}&#8220;][et_pb_row custom_padding_last_edited=&#8220;on|desktop&#8220; padding_left_right_link_1=&#8220;true&#8220; _builder_version=&#8220;4.20.2&#8243; background_color=&#8220;#4C443F&#8220; custom_margin_tablet=&#8220;-52px||&#8220; custom_margin_phone=&#8220;-41px||&#8220; custom_margin_last_edited=&#8220;on|desktop&#8220; custom_padding=&#8220;27px|0px|27px|0px|false|false&#8220; custom_padding_tablet=&#8220;&#8220; custom_padding_phone=&#8220;0px|0px|53px|0px|false|false&#8220; border_radii=&#8220;off|5px|5px||&#8220; global_colors_info=&#8220;{}&#8220;][et_pb_column type=&#8220;4_4&#8243; _builder_version=&#8220;4.16&#8243; custom_padding=&#8220;|||&#8220; custom_padding_tablet=&#8220;&#8220; custom_padding_phone=&#8220;|22px|30px|22px||true&#8220; custom_padding_last_edited=&#8220;on|desktop&#8220; global_colors_info=&#8220;{}&#8220; custom_padding__hover=&#8220;|||&#8220;][et_pb_blurb use_icon=&#8220;on&#8220; font_icon=&#8220;&#x7b;||divi||400&#8243; icon_color=&#8220;#ffffff&#8220; icon_placement=&#8220;left&#8220; image_icon_width=&#8220;88px&#8220; content_max_width=&#8220;94%&#8220; _builder_version=&#8220;4.20.2&#8243; header_font=&#8220;Nunito Sans|700|||||||&#8220; header_text_align=&#8220;center&#8220; header_text_color=&#8220;#297FCA&#8220; header_font_size=&#8220;20px&#8220; body_font=&#8220;Nunito Sans||||||||&#8220; body_text_align=&#8220;center&#8220; body_text_color=&#8220;#5499D4&#8243; body_font_size=&#8220;16px&#8220; background_color=&#8220;#4C443F&#8220; custom_padding_tablet=&#8220;|||18px&#8220; custom_padding_phone=&#8220;|||0px&#8220; custom_padding_last_edited=&#8220;on|phone&#8220; animation=&#8220;off&#8220; icon_font_size=&#8220;88px&#8220; global_colors_info=&#8220;{}&#8220;][\/et_pb_blurb][\/et_pb_column][\/et_pb_row][et_pb_row custom_padding_last_edited=&#8220;on|desktop&#8220; padding_left_right_link_1=&#8220;true&#8220; _builder_version=&#8220;4.20.2&#8243; background_color=&#8220;#4C443F&#8220; custom_margin_tablet=&#8220;-52px||&#8220; custom_margin_phone=&#8220;-41px||&#8220; custom_margin_last_edited=&#8220;on|desktop&#8220; custom_padding=&#8220;27px|0px|27px|0px|false|false&#8220; custom_padding_tablet=&#8220;&#8220; custom_padding_phone=&#8220;0px|0px|53px|0px|false|false&#8220; border_radii=&#8220;|||5px|5px&#8220; global_colors_info=&#8220;{}&#8220;][et_pb_column type=&#8220;4_4&#8243; _builder_version=&#8220;4.16&#8243; custom_padding=&#8220;|||&#8220; custom_padding_tablet=&#8220;&#8220; custom_padding_phone=&#8220;|22px|30px|22px||true&#8220; custom_padding_last_edited=&#8220;on|desktop&#8220; global_colors_info=&#8220;{}&#8220; custom_padding__hover=&#8220;|||&#8220;][et_pb_slider arrows_custom_color=&#8220;#ffffff&#8220; dot_nav_custom_color=&#8220;#ffffff&#8220; _builder_version=&#8220;4.16&#8243; header_font=&#8220;Roboto|300|||||||&#8220; header_text_align=&#8220;left&#8220; header_font_size=&#8220;20px&#8220; header_line_height=&#8220;1.8em&#8220; body_font=&#8220;Poppins||||||||&#8220; body_text_align=&#8220;left&#8220; body_font_size=&#8220;16px&#8220; body_line_height=&#8220;1.8em&#8220; background_color=&#8220;rgba(0,0,0,0)&#8220; custom_padding=&#8220;0px|0px|86px|0px|false|true&#8220; header_font_size_tablet=&#8220;&#8220; header_font_size_phone=&#8220;16px&#8220; header_font_size_last_edited=&#8220;on|desktop&#8220; header_text_shadow_style=&#8220;preset3&#8243; header_text_shadow_color=&#8220;rgba(0,0,0,0)&#8220; body_text_shadow_style=&#8220;preset3&#8243; body_text_shadow_color=&#8220;rgba(0,0,0,0)&#8220; global_colors_info=&#8220;{}&#8220;][et_pb_slide heading=&#8220;Nachhaltigkeit ist eines der wichtigsten Fundamente der GLS. Und zur Nachhaltigkeit geh\u00f6rt vor allem auch der Klimaschutz. Wir sind sehr stolz auf das, was wir bisher erreicht haben und werden unsere Bem\u00fchungen noch weiter verst\u00e4rken.&#8220; _builder_version=&#8220;4.16&#8243; global_colors_info=&#8220;{}&#8220; sticky_transition=&#8220;on&#8220;]&nbsp;<\/p>\n<p><strong>Dr. Karl Pfaff<\/strong><br \/>\nVorsitzender der Gesch\u00e4ftsf\u00fchrung GLS Germany[\/et_pb_slide][\/et_pb_slider][\/et_pb_column][\/et_pb_row][\/et_pb_section][et_pb_section fb_built=&#8220;1&#8243; _builder_version=&#8220;4.20.2&#8243; custom_padding=&#8220;24px|0px|24px|0px|true|false&#8220; border_width_top=&#8220;1px&#8220; border_color_top=&#8220;#4C443F&#8220; border_style_top=&#8220;dotted&#8220; global_colors_info=&#8220;{}&#8220;][et_pb_row _builder_version=&#8220;4.16&#8243; global_colors_info=&#8220;{}&#8220;][et_pb_column type=&#8220;4_4&#8243; _builder_version=&#8220;4.16&#8243; custom_padding=&#8220;|||&#8220; global_colors_info=&#8220;{}&#8220; custom_padding__hover=&#8220;|||&#8220;][et_pb_text _builder_version=&#8220;4.16&#8243; text_font=&#8220;Roboto|300|||||||&#8220; text_text_color=&#8220;#000000&#8243; text_font_size=&#8220;15px&#8220; text_line_height=&#8220;1.8em&#8220; header_font=&#8220;Nunito Sans|700|||||||&#8220; header_text_color=&#8220;#297FCA&#8220; header_line_height=&#8220;1.3em&#8220; global_colors_info=&#8220;{}&#8220;]<\/p>\n<p class=\"text-center\"><strong>HINSWEIS: Um unn\u00f6tige Transportwege zu vermeiden, kann es vorkommen, dass wir von unseren Lieferanten\/Herstellern deine bestellte Ware direkt zu dir schicken lassen. Auf die Auswahl der Lieferdienste haben wir dann leider nicht immer Einfluss, daher kann es vorkommen, dass du auch mal ein Paket von uns erh\u00e4ltst, das nicht per GLS angeliefert wird. <\/strong><\/p>\n<p>[\/et_pb_text][\/et_pb_column][\/et_pb_row][\/et_pb_section][et_pb_section fb_built=&#8220;1&#8243; _builder_version=&#8220;4.20.0&#8243; background_color=&#8220;rgba(196,184,176,0.47)&#8220; custom_padding=&#8220;50px|0px|50px|0px|true|false&#8220; border_width_top=&#8220;10px&#8220; border_color_top=&#8220;#4c443f&#8220; saved_tabs=&#8220;all&#8220; global_colors_info=&#8220;{}&#8220;][et_pb_row _builder_version=&#8220;4.16&#8243; global_colors_info=&#8220;{}&#8220;][et_pb_column type=&#8220;4_4&#8243; _builder_version=&#8220;4.16&#8243; global_colors_info=&#8220;{}&#8220;][et_pb_text _builder_version=&#8220;4.16&#8243; text_font=&#8220;Roboto|300||on|||||&#8220; text_text_color=&#8220;#000000&#8243; text_font_size=&#8220;27px&#8220; text_line_height=&#8220;1.8em&#8220; header_font=&#8220;Nunito Sans|700|||||||&#8220; header_text_color=&#8220;#297FCA&#8220; header_line_height=&#8220;1.3em&#8220; text_orientation=&#8220;center&#8220; max_width=&#8220;700px&#8220; max_width_phone=&#8220;98%&#8220; max_width_last_edited=&#8220;off|desktop&#8220; module_alignment=&#8220;center&#8220; custom_margin=&#8220;-22px||&#8220; global_colors_info=&#8220;{}&#8220;]<strong>Wir sind f\u00fcr Dich da und helfen Dir, das beste Produkt zum besten Preis zu bekommen.<\/strong>[\/et_pb_text][\/et_pb_column][\/et_pb_row][et_pb_row _builder_version=&#8220;4.16&#8243; custom_padding=&#8220;|0px||0px|false|false&#8220; global_colors_info=&#8220;{}&#8220;][et_pb_column type=&#8220;4_4&#8243; _builder_version=&#8220;4.16&#8243; custom_padding=&#8220;|||&#8220; global_colors_info=&#8220;{}&#8220; custom_padding__hover=&#8220;|||&#8220;][et_pb_contact_form email=&#8220;info@leos-service.de&#8220; success_message=&#8220;Vielen Dank f\u00fcr Deine Nachricht.&#8220; _builder_version=&#8220;4.20.0&#8243; _module_preset=&#8220;default&#8220; _unique_id=&#8220;a7cddb0e-91b2-4ad3-8102-5e8fcb937a81&#8243; form_field_background_color=&#8220;#ffffff&#8220; custom_button=&#8220;on&#8220; button_text_color=&#8220;#4c443f&#8220; global_colors_info=&#8220;{}&#8220; button_bg_color__hover_enabled=&#8220;on|hover&#8220; button_bg_color__hover=&#8220;#FFFFFF&#8220; button_bg_enable_color__hover=&#8220;on&#8220;][et_pb_contact_field field_id=&#8220;Firma&#8220; field_title=&#8220;Firma&#8220; required_mark=&#8220;off&#8220; fullwidth_field=&#8220;on&#8220; _builder_version=&#8220;4.16&#8243; global_colors_info=&#8220;{}&#8220; button_text_size__hover_enabled=&#8220;off&#8220; button_one_text_size__hover_enabled=&#8220;off&#8220; button_two_text_size__hover_enabled=&#8220;off&#8220; button_text_color__hover_enabled=&#8220;off&#8220; button_one_text_color__hover_enabled=&#8220;off&#8220; button_two_text_color__hover_enabled=&#8220;off&#8220; button_border_width__hover_enabled=&#8220;off&#8220; button_one_border_width__hover_enabled=&#8220;off&#8220; button_two_border_width__hover_enabled=&#8220;off&#8220; button_border_color__hover_enabled=&#8220;off&#8220; button_one_border_color__hover_enabled=&#8220;off&#8220; button_two_border_color__hover_enabled=&#8220;off&#8220; button_border_radius__hover_enabled=&#8220;off&#8220; button_one_border_radius__hover_enabled=&#8220;off&#8220; button_two_border_radius__hover_enabled=&#8220;off&#8220; button_letter_spacing__hover_enabled=&#8220;off&#8220; button_one_letter_spacing__hover_enabled=&#8220;off&#8220; button_two_letter_spacing__hover_enabled=&#8220;off&#8220; button_bg_color__hover_enabled=&#8220;off&#8220; button_one_bg_color__hover_enabled=&#8220;off&#8220; button_two_bg_color__hover_enabled=&#8220;off&#8220;][\/et_pb_contact_field][et_pb_contact_field field_id=&#8220;Vorname&#8220; field_title=&#8220;Vorname&#8220; _builder_version=&#8220;4.16&#8243; global_colors_info=&#8220;{}&#8220; button_text_size__hover_enabled=&#8220;off&#8220; button_one_text_size__hover_enabled=&#8220;off&#8220; button_two_text_size__hover_enabled=&#8220;off&#8220; button_text_color__hover_enabled=&#8220;off&#8220; button_one_text_color__hover_enabled=&#8220;off&#8220; button_two_text_color__hover_enabled=&#8220;off&#8220; button_border_width__hover_enabled=&#8220;off&#8220; button_one_border_width__hover_enabled=&#8220;off&#8220; button_two_border_width__hover_enabled=&#8220;off&#8220; button_border_color__hover_enabled=&#8220;off&#8220; button_one_border_color__hover_enabled=&#8220;off&#8220; button_two_border_color__hover_enabled=&#8220;off&#8220; button_border_radius__hover_enabled=&#8220;off&#8220; button_one_border_radius__hover_enabled=&#8220;off&#8220; button_two_border_radius__hover_enabled=&#8220;off&#8220; button_letter_spacing__hover_enabled=&#8220;off&#8220; button_one_letter_spacing__hover_enabled=&#8220;off&#8220; button_two_letter_spacing__hover_enabled=&#8220;off&#8220; button_bg_color__hover_enabled=&#8220;off&#8220; button_one_bg_color__hover_enabled=&#8220;off&#8220; button_two_bg_color__hover_enabled=&#8220;off&#8220;][\/et_pb_contact_field][et_pb_contact_field field_id=&#8220;Name&#8220; field_title=&#8220;Name&#8220; _builder_version=&#8220;4.16&#8243; global_colors_info=&#8220;{}&#8220; button_text_size__hover_enabled=&#8220;off&#8220; button_one_text_size__hover_enabled=&#8220;off&#8220; button_two_text_size__hover_enabled=&#8220;off&#8220; button_text_color__hover_enabled=&#8220;off&#8220; button_one_text_color__hover_enabled=&#8220;off&#8220; button_two_text_color__hover_enabled=&#8220;off&#8220; button_border_width__hover_enabled=&#8220;off&#8220; button_one_border_width__hover_enabled=&#8220;off&#8220; button_two_border_width__hover_enabled=&#8220;off&#8220; button_border_color__hover_enabled=&#8220;off&#8220; button_one_border_color__hover_enabled=&#8220;off&#8220; button_two_border_color__hover_enabled=&#8220;off&#8220; button_border_radius__hover_enabled=&#8220;off&#8220; button_one_border_radius__hover_enabled=&#8220;off&#8220; button_two_border_radius__hover_enabled=&#8220;off&#8220; button_letter_spacing__hover_enabled=&#8220;off&#8220; button_one_letter_spacing__hover_enabled=&#8220;off&#8220; button_two_letter_spacing__hover_enabled=&#8220;off&#8220; button_bg_color__hover_enabled=&#8220;off&#8220; button_one_bg_color__hover_enabled=&#8220;off&#8220; button_two_bg_color__hover_enabled=&#8220;off&#8220;][\/et_pb_contact_field][et_pb_contact_field field_id=&#8220;Telefon&#8220; field_title=&#8220;Telefon&#8220; required_mark=&#8220;off&#8220; _builder_version=&#8220;4.16&#8243; global_colors_info=&#8220;{}&#8220; button_text_size__hover_enabled=&#8220;off&#8220; button_one_text_size__hover_enabled=&#8220;off&#8220; button_two_text_size__hover_enabled=&#8220;off&#8220; button_text_color__hover_enabled=&#8220;off&#8220; button_one_text_color__hover_enabled=&#8220;off&#8220; button_two_text_color__hover_enabled=&#8220;off&#8220; button_border_width__hover_enabled=&#8220;off&#8220; button_one_border_width__hover_enabled=&#8220;off&#8220; button_two_border_width__hover_enabled=&#8220;off&#8220; button_border_color__hover_enabled=&#8220;off&#8220; button_one_border_color__hover_enabled=&#8220;off&#8220; button_two_border_color__hover_enabled=&#8220;off&#8220; button_border_radius__hover_enabled=&#8220;off&#8220; button_one_border_radius__hover_enabled=&#8220;off&#8220; button_two_border_radius__hover_enabled=&#8220;off&#8220; button_letter_spacing__hover_enabled=&#8220;off&#8220; button_one_letter_spacing__hover_enabled=&#8220;off&#8220; button_two_letter_spacing__hover_enabled=&#8220;off&#8220; button_bg_color__hover_enabled=&#8220;off&#8220; button_one_bg_color__hover_enabled=&#8220;off&#8220; button_two_bg_color__hover_enabled=&#8220;off&#8220;][\/et_pb_contact_field][et_pb_contact_field field_id=&#8220;Email&#8220; field_title=&#8220;E-Mail-Adresse&#8220; field_type=&#8220;email&#8220; _builder_version=&#8220;4.16&#8243; global_colors_info=&#8220;{}&#8220; button_text_size__hover_enabled=&#8220;off&#8220; button_one_text_size__hover_enabled=&#8220;off&#8220; button_two_text_size__hover_enabled=&#8220;off&#8220; button_text_color__hover_enabled=&#8220;off&#8220; button_one_text_color__hover_enabled=&#8220;off&#8220; button_two_text_color__hover_enabled=&#8220;off&#8220; button_border_width__hover_enabled=&#8220;off&#8220; button_one_border_width__hover_enabled=&#8220;off&#8220; button_two_border_width__hover_enabled=&#8220;off&#8220; button_border_color__hover_enabled=&#8220;off&#8220; button_one_border_color__hover_enabled=&#8220;off&#8220; button_two_border_color__hover_enabled=&#8220;off&#8220; button_border_radius__hover_enabled=&#8220;off&#8220; button_one_border_radius__hover_enabled=&#8220;off&#8220; button_two_border_radius__hover_enabled=&#8220;off&#8220; button_letter_spacing__hover_enabled=&#8220;off&#8220; button_one_letter_spacing__hover_enabled=&#8220;off&#8220; button_two_letter_spacing__hover_enabled=&#8220;off&#8220; button_bg_color__hover_enabled=&#8220;off&#8220; button_one_bg_color__hover_enabled=&#8220;off&#8220; button_two_bg_color__hover_enabled=&#8220;off&#8220;][\/et_pb_contact_field][et_pb_contact_field field_id=&#8220;Nachricht&#8220; field_title=&#8220;Nachricht&#8220; field_type=&#8220;text&#8220; fullwidth_field=&#8220;on&#8220; _builder_version=&#8220;4.16&#8243; global_colors_info=&#8220;{}&#8220; button_text_size__hover_enabled=&#8220;off&#8220; button_one_text_size__hover_enabled=&#8220;off&#8220; button_two_text_size__hover_enabled=&#8220;off&#8220; button_text_color__hover_enabled=&#8220;off&#8220; button_one_text_color__hover_enabled=&#8220;off&#8220; button_two_text_color__hover_enabled=&#8220;off&#8220; button_border_width__hover_enabled=&#8220;off&#8220; button_one_border_width__hover_enabled=&#8220;off&#8220; button_two_border_width__hover_enabled=&#8220;off&#8220; button_border_color__hover_enabled=&#8220;off&#8220; button_one_border_color__hover_enabled=&#8220;off&#8220; button_two_border_color__hover_enabled=&#8220;off&#8220; button_border_radius__hover_enabled=&#8220;off&#8220; button_one_border_radius__hover_enabled=&#8220;off&#8220; button_two_border_radius__hover_enabled=&#8220;off&#8220; button_letter_spacing__hover_enabled=&#8220;off&#8220; button_one_letter_spacing__hover_enabled=&#8220;off&#8220; button_two_letter_spacing__hover_enabled=&#8220;off&#8220; button_bg_color__hover_enabled=&#8220;off&#8220; button_one_bg_color__hover_enabled=&#8220;off&#8220; button_two_bg_color__hover_enabled=&#8220;off&#8220;][\/et_pb_contact_field][et_pb_contact_field field_id=&#8220;Datenschutz&#8220; field_title=&#8220;Datenschutz&#8220; field_type=&#8220;checkbox&#8220; checkbox_options=&#8220;%91{%22value%22:%22MIT DEM ABSENDEN DES KONTAKTFORMULARS ERKL\u00c4RST DU DICH DAMIT EINVERSTANDEN, DASS DEINE DATEN ZUR BEARBEITUNG DEINES ANLIEGENS VERWENDET WERDEN. WEITERE INFORMATIONEN UND WIDERRUFSHINWEISE FINDEST DU IN DER %22,%22checked%22:0,%22dragID%22:-1,%22link_url%22:%22\/datenschutz\/%22,%22link_text%22:%22DATENSCHUTZERKL\u00c4RUNG.%22}%93&#8243; fullwidth_field=&#8220;on&#8220; _builder_version=&#8220;4.16&#8243; _module_preset=&#8220;default&#8220; global_colors_info=&#8220;{}&#8220;][\/et_pb_contact_field][\/et_pb_contact_form][\/et_pb_column][\/et_pb_row][\/et_pb_section]<\/p>\n","protected":false},"excerpt":{"rendered":"<p>Die Umwelt ist uns nicht egal.Alle Pakete, die wir von unserem Zentrallager in Verden versenden, werden daher 100% klimaneutal per GLS verschickt.100 Prozent klimaneutraler Versand mit GLS KlimaProtectSeit dem 1. Oktober 2019 stellt GLS Germany alle Pakete zu 100 Prozent klimaneutral zu. Dies gilt sowohl f\u00fcr Pakete, die in Deutschland zugestellt werden als auch f\u00fcr [&hellip;]<\/p>\n","protected":false},"author":1,"featured_media":0,"parent":0,"menu_order":0,"comment_status":"closed","ping_status":"closed","template":"","meta":{"_et_pb_use_builder":"on","_et_pb_old_content":"","_et_gb_content_width":"","footnotes":""},"class_list":["post-52765","page","type-page","status-publish","hentry"],"yoast_head":"<!-- This site is optimized with the Yoast SEO plugin v20.6 - https:\/\/yoast.com\/wordpress\/plugins\/seo\/ -->\n<title>Klimaneutraler Versand - B\u00e4ckerkleidung.de<\/title>\n<meta name=\"robots\" content=\"index, follow, max-snippet:-1, max-image-preview:large, max-video-preview:-1\" \/>\n<link rel=\"canonical\" href=\"https:\/\/xn--bckerkleidung-bfb.de\/index.php\/klimaneutraler-versand\/\" \/>\n<meta property=\"og:locale\" content=\"de_DE\" \/>\n<meta property=\"og:type\" content=\"article\" \/>\n<meta property=\"og:title\" content=\"Klimaneutraler Versand - B\u00e4ckerkleidung.de\" \/>\n<meta property=\"og:description\" content=\"Unser SortimentIndustrieHandwerkMedizinGastroB\u00e4ckereienGaLaBauSicherheitsschuheWarnschutzEinwegkleidungArbeitshandschuheSonderanfertigungen Zubeh\u00f6rTextildruckStickereiHACCPUV-SchutzMultinormKopfbedeckungenSchutzbrillenAtemschutzKnieschonerSoziale VerantwortungNachhaltigkeitKlimaneutraler Versand\" \/>\n<meta property=\"og:url\" content=\"https:\/\/xn--bckerkleidung-bfb.de\/index.php\/klimaneutraler-versand\/\" \/>\n<meta property=\"og:site_name\" content=\"B\u00e4ckerkleidung.de\" \/>\n<meta property=\"article:modified_time\" content=\"2023-03-09T08:53:05+00:00\" \/>\n<meta name=\"twitter:card\" content=\"summary_large_image\" \/>\n<meta name=\"twitter:label1\" content=\"Gesch\u00e4tzte Lesezeit\" \/>\n\t<meta name=\"twitter:data1\" content=\"18\u00a0Minuten\" \/>\n<script type=\"application\/ld+json\" class=\"yoast-schema-graph\">{\"@context\":\"https:\/\/schema.org\",\"@graph\":[{\"@type\":\"WebPage\",\"@id\":\"https:\/\/xn--bckerkleidung-bfb.de\/index.php\/klimaneutraler-versand\/\",\"url\":\"https:\/\/xn--bckerkleidung-bfb.de\/index.php\/klimaneutraler-versand\/\",\"name\":\"Klimaneutraler Versand - B\u00e4ckerkleidung.de\",\"isPartOf\":{\"@id\":\"https:\/\/xn--bckerkleidung-bfb.de\/#website\"},\"datePublished\":\"2023-03-06T12:44:25+00:00\",\"dateModified\":\"2023-03-09T08:53:05+00:00\",\"breadcrumb\":{\"@id\":\"https:\/\/xn--bckerkleidung-bfb.de\/index.php\/klimaneutraler-versand\/#breadcrumb\"},\"inLanguage\":\"de\",\"potentialAction\":[{\"@type\":\"ReadAction\",\"target\":[\"https:\/\/xn--bckerkleidung-bfb.de\/index.php\/klimaneutraler-versand\/\"]}]},{\"@type\":\"BreadcrumbList\",\"@id\":\"https:\/\/xn--bckerkleidung-bfb.de\/index.php\/klimaneutraler-versand\/#breadcrumb\",\"itemListElement\":[{\"@type\":\"ListItem\",\"position\":1,\"name\":\"Startseite\",\"item\":\"https:\/\/xn--bckerkleidung-bfb.de\/\"},{\"@type\":\"ListItem\",\"position\":2,\"name\":\"Klimaneutraler Versand\"}]},{\"@type\":\"WebSite\",\"@id\":\"https:\/\/xn--bckerkleidung-bfb.de\/#website\",\"url\":\"https:\/\/xn--bckerkleidung-bfb.de\/\",\"name\":\"B\u00e4ckerkleidung.de\",\"description\":\"Leos Textilkonzept GmbH &amp; Co. KG\",\"potentialAction\":[{\"@type\":\"SearchAction\",\"target\":{\"@type\":\"EntryPoint\",\"urlTemplate\":\"https:\/\/xn--bckerkleidung-bfb.de\/?s={search_term_string}\"},\"query-input\":\"required name=search_term_string\"}],\"inLanguage\":\"de\"}]}<\/script>\n<!-- \/ Yoast SEO plugin. -->","yoast_head_json":{"title":"Klimaneutraler Versand - B\u00e4ckerkleidung.de","robots":{"index":"index","follow":"follow","max-snippet":"max-snippet:-1","max-image-preview":"max-image-preview:large","max-video-preview":"max-video-preview:-1"},"canonical":"https:\/\/xn--bckerkleidung-bfb.de\/index.php\/klimaneutraler-versand\/","og_locale":"de_DE","og_type":"article","og_title":"Klimaneutraler Versand - B\u00e4ckerkleidung.de","og_description":"Unser SortimentIndustrieHandwerkMedizinGastroB\u00e4ckereienGaLaBauSicherheitsschuheWarnschutzEinwegkleidungArbeitshandschuheSonderanfertigungen Zubeh\u00f6rTextildruckStickereiHACCPUV-SchutzMultinormKopfbedeckungenSchutzbrillenAtemschutzKnieschonerSoziale VerantwortungNachhaltigkeitKlimaneutraler Versand","og_url":"https:\/\/xn--bckerkleidung-bfb.de\/index.php\/klimaneutraler-versand\/","og_site_name":"B\u00e4ckerkleidung.de","article_modified_time":"2023-03-09T08:53:05+00:00","twitter_card":"summary_large_image","twitter_misc":{"Gesch\u00e4tzte Lesezeit":"18\u00a0Minuten"},"schema":{"@context":"https:\/\/schema.org","@graph":[{"@type":"WebPage","@id":"https:\/\/xn--bckerkleidung-bfb.de\/index.php\/klimaneutraler-versand\/","url":"https:\/\/xn--bckerkleidung-bfb.de\/index.php\/klimaneutraler-versand\/","name":"Klimaneutraler Versand - B\u00e4ckerkleidung.de","isPartOf":{"@id":"https:\/\/xn--bckerkleidung-bfb.de\/#website"},"datePublished":"2023-03-06T12:44:25+00:00","dateModified":"2023-03-09T08:53:05+00:00","breadcrumb":{"@id":"https:\/\/xn--bckerkleidung-bfb.de\/index.php\/klimaneutraler-versand\/#breadcrumb"},"inLanguage":"de","potentialAction":[{"@type":"ReadAction","target":["https:\/\/xn--bckerkleidung-bfb.de\/index.php\/klimaneutraler-versand\/"]}]},{"@type":"BreadcrumbList","@id":"https:\/\/xn--bckerkleidung-bfb.de\/index.php\/klimaneutraler-versand\/#breadcrumb","itemListElement":[{"@type":"ListItem","position":1,"name":"Startseite","item":"https:\/\/xn--bckerkleidung-bfb.de\/"},{"@type":"ListItem","position":2,"name":"Klimaneutraler Versand"}]},{"@type":"WebSite","@id":"https:\/\/xn--bckerkleidung-bfb.de\/#website","url":"https:\/\/xn--bckerkleidung-bfb.de\/","name":"B\u00e4ckerkleidung.de","description":"Leos Textilkonzept GmbH &amp; Co. KG","potentialAction":[{"@type":"SearchAction","target":{"@type":"EntryPoint","urlTemplate":"https:\/\/xn--bckerkleidung-bfb.de\/?s={search_term_string}"},"query-input":"required name=search_term_string"}],"inLanguage":"de"}]}},"_links":{"self":[{"href":"https:\/\/xn--bckerkleidung-bfb.de\/index.php\/wp-json\/wp\/v2\/pages\/52765","targetHints":{"allow":["GET"]}}],"collection":[{"href":"https:\/\/xn--bckerkleidung-bfb.de\/index.php\/wp-json\/wp\/v2\/pages"}],"about":[{"href":"https:\/\/xn--bckerkleidung-bfb.de\/index.php\/wp-json\/wp\/v2\/types\/page"}],"author":[{"embeddable":true,"href":"https:\/\/xn--bckerkleidung-bfb.de\/index.php\/wp-json\/wp\/v2\/users\/1"}],"replies":[{"embeddable":true,"href":"https:\/\/xn--bckerkleidung-bfb.de\/index.php\/wp-json\/wp\/v2\/comments?post=52765"}],"version-history":[{"count":6,"href":"https:\/\/xn--bckerkleidung-bfb.de\/index.php\/wp-json\/wp\/v2\/pages\/52765\/revisions"}],"predecessor-version":[{"id":52900,"href":"https:\/\/xn--bckerkleidung-bfb.de\/index.php\/wp-json\/wp\/v2\/pages\/52765\/revisions\/52900"}],"wp:attachment":[{"href":"https:\/\/xn--bckerkleidung-bfb.de\/index.php\/wp-json\/wp\/v2\/media?parent=52765"}],"curies":[{"name":"wp","href":"https:\/\/api.w.org\/{rel}","templated":true}]}}